{"id":52,"date":"2020-08-12T23:33:32","date_gmt":"2020-08-12T21:33:32","guid":{"rendered":"https:\/\/wdp.sepmeries.fr\/?page_id=52"},"modified":"2026-04-06T20:33:59","modified_gmt":"2026-04-06T18:33:59","slug":"sepmeries-autrefois","status":"publish","type":"page","link":"https:\/\/www.sepmeries.fr\/index.php\/sepmeries-autrefois\/","title":{"rendered":"Sepmeries Autrefois"},"content":{"rendered":"<div class=\"wp-block-image is-style-default\">\n<figure class=\"aligncenter size-full\"><img decoding=\"async\" src=\"https:\/\/www.sepmeries.fr\/wp-content\/uploads\/2026\/04\/10-Chateau-80x60-chem-pet-ciel6-denstitrecopyr-1.jpg\" alt=\"\" class=\"wp-image-5633\"\/><\/figure><\/div>\n\n\n<figure class=\"is-layout-flex wp-block-gallery-1 wp-block-gallery has-nested-images columns-default is-cropped\">\n<figure class=\"wp-block-image size-large\"><img decoding=\"async\" loading=\"lazy\" width=\"414\" height=\"512\" data-id=\"265\"  src=\"https:\/\/www.sepmeries.fr\/wp-content\/uploads\/2020\/09\/brasserie_dervillers-.jpg\" alt=\"\" class=\"wp-image-265\" srcset=\"https:\/\/www.sepmeries.fr\/wp-content\/uploads\/2020\/09\/brasserie_dervillers-.jpg 414w, https:\/\/www.sepmeries.fr\/wp-content\/uploads\/2020\/09\/brasserie_dervillers--243x300.jpg 243w\" sizes=\"(max-width: 414px) 100vw, 414px\" \/><figcaption class=\"wp-element-caption\">Brasserie Dervillers<\/figcaption><\/figure>\n\n\n\n<figure class=\"wp-block-image size-large\"><img decoding=\"async\" loading=\"lazy\" width=\"600\" height=\"377\" data-id=\"264\"  src=\"https:\/\/www.sepmeries.fr\/wp-content\/uploads\/2020\/09\/abreuvoir.jpg\" alt=\"\" class=\"wp-image-264\" srcset=\"https:\/\/www.sepmeries.fr\/wp-content\/uploads\/2020\/09\/abreuvoir.jpg 600w, https:\/\/www.sepmeries.fr\/wp-content\/uploads\/2020\/09\/abreuvoir-300x189.jpg 300w\" sizes=\"(max-width: 600px) 100vw, 600px\" \/><figcaption class=\"wp-element-caption\">L&rsquo;abreuvoir<\/figcaption><\/figure>\n\n\n\n<figure class=\"wp-block-image size-large\"><img decoding=\"async\" loading=\"lazy\" width=\"404\" height=\"600\" data-id=\"266\"  src=\"https:\/\/www.sepmeries.fr\/wp-content\/uploads\/2020\/09\/eglise.jpg\" alt=\"\" class=\"wp-image-266\" srcset=\"https:\/\/www.sepmeries.fr\/wp-content\/uploads\/2020\/09\/eglise.jpg 404w, https:\/\/www.sepmeries.fr\/wp-content\/uploads\/2020\/09\/eglise-202x300.jpg 202w\" sizes=\"(max-width: 404px) 100vw, 404px\" \/><figcaption class=\"wp-element-caption\">L&rsquo;\u00e9glise Saint C\u00f4me &amp; Saint Damien<\/figcaption><\/figure>\n\n\n\n<figure class=\"wp-block-image size-large\"><img decoding=\"async\" loading=\"lazy\" width=\"600\" height=\"396\" data-id=\"267\"  src=\"https:\/\/www.sepmeries.fr\/wp-content\/uploads\/2020\/09\/grand_rue.png\" alt=\"\" class=\"wp-image-267\" srcset=\"https:\/\/www.sepmeries.fr\/wp-content\/uploads\/2020\/09\/grand_rue.png 600w, https:\/\/www.sepmeries.fr\/wp-content\/uploads\/2020\/09\/grand_rue-300x198.png 300w\" sizes=\"(max-width: 600px) 100vw, 600px\" \/><figcaption class=\"wp-element-caption\">La Grand Rue<\/figcaption><\/figure>\n\n\n\n<figure class=\"wp-block-image size-large\"><img decoding=\"async\" loading=\"lazy\" width=\"600\" height=\"271\" data-id=\"268\"  src=\"https:\/\/www.sepmeries.fr\/wp-content\/uploads\/2020\/09\/place_de_-la_croix_et_chateau.jpg\" alt=\"\" class=\"wp-image-268\" srcset=\"https:\/\/www.sepmeries.fr\/wp-content\/uploads\/2020\/09\/place_de_-la_croix_et_chateau.jpg 600w, https:\/\/www.sepmeries.fr\/wp-content\/uploads\/2020\/09\/place_de_-la_croix_et_chateau-300x136.jpg 300w\" sizes=\"(max-width: 600px) 100vw, 600px\" \/><figcaption class=\"wp-element-caption\">Place de la Croix &amp; le Ch\u00e2teau<\/figcaption><\/figure>\n\n\n\n<figure class=\"wp-block-image size-full\"><img decoding=\"async\" data-id=\"5630\"  src=\"https:\/\/www.sepmeries.fr\/wp-content\/uploads\/2026\/04\/Abreuvoir-80-x-60-ciel-et-reflet-3colorcopyr2-Modifier-1.jpg\" alt=\"\" class=\"wp-image-5630\"\/><\/figure>\n\n\n\n<figure class=\"wp-block-image size-large\"><img decoding=\"async\" data-id=\"5634\"  src=\"https:\/\/www.sepmeries.fr\/wp-content\/uploads\/2026\/04\/Eglise-80x60-nuagesdensitecolorcopyr.jpg\" alt=\"\" class=\"wp-image-5634\"\/><\/figure>\n<\/figure>\n\n\n\n<figure class=\"wp-block-image size-full is-resized\"><img decoding=\"async\" loading=\"lazy\" src=\"https:\/\/www.sepmeries.fr\/wp-content\/uploads\/2023\/09\/Google-monuments-historiques.jpg\" alt=\"\" class=\"wp-image-3560\" width=\"980\" height=\"456\" srcset=\"https:\/\/www.sepmeries.fr\/wp-content\/uploads\/2023\/09\/Google-monuments-historiques.jpg 854w, https:\/\/www.sepmeries.fr\/wp-content\/uploads\/2023\/09\/Google-monuments-historiques-300x139.jpg 300w, https:\/\/www.sepmeries.fr\/wp-content\/uploads\/2023\/09\/Google-monuments-historiques-768x357.jpg 768w\" sizes=\"(max-width: 980px) 100vw, 980px\" \/><\/figure>\n\n\n\n<div class=\"wp-block-media-text alignwide is-stacked-on-mobile\" style=\"grid-template-columns:19% auto\"><figure class=\"wp-block-media-text__media\"><img decoding=\"async\" loading=\"lazy\" width=\"450\" height=\"846\" src=\"https:\/\/www.sepmeries.fr\/wp-content\/uploads\/2023\/09\/sepmeries_calvaire.jpg\" alt=\"\" class=\"wp-image-3559 size-full\" srcset=\"https:\/\/www.sepmeries.fr\/wp-content\/uploads\/2023\/09\/sepmeries_calvaire.jpg 450w, https:\/\/www.sepmeries.fr\/wp-content\/uploads\/2023\/09\/sepmeries_calvaire-160x300.jpg 160w\" sizes=\"(max-width: 450px) 100vw, 450px\" \/><\/figure><div class=\"wp-block-media-text__content\">\n<p><strong>A &#8211; Calvaire<\/strong><\/p>\n\n\n\n<p>Rue de Ruesnes (Parcelle 142) &#8211; 59269 Sepmeries<\/p>\n\n\n\n<p><br>Le calvaire de Sepmeries est un calvaire ouvert sur tertre. Il se trouve dans une parcelle trap\u00e9zo\u00efdale sur carrefour d\u00e9limit\u00e9e par une haie.<br>Deux piliers en brique encadrent le portail d&rsquo;entr\u00e9e. La parcelle est enherb\u00e9e. Un petit arbre pousse \u00e0 proximit\u00e9 du calvaire et un arbre de haut jet derri\u00e8re lui, le signale.<br><\/p>\n<\/div><\/div>\n\n\n\n<div class=\"wp-block-media-text alignwide is-stacked-on-mobile\" style=\"grid-template-columns:20% auto\"><figure class=\"wp-block-media-text__media\"><img decoding=\"async\" loading=\"lazy\" width=\"420\" height=\"560\" src=\"https:\/\/www.sepmeries.fr\/wp-content\/uploads\/2023\/09\/m-chapelle-de-l-agonie-visorando-225550_18351630.jpg\" alt=\"\" class=\"wp-image-3565 size-full\" srcset=\"https:\/\/www.sepmeries.fr\/wp-content\/uploads\/2023\/09\/m-chapelle-de-l-agonie-visorando-225550_18351630.jpg 420w, https:\/\/www.sepmeries.fr\/wp-content\/uploads\/2023\/09\/m-chapelle-de-l-agonie-visorando-225550_18351630-225x300.jpg 225w\" sizes=\"(max-width: 420px) 100vw, 420px\" \/><\/figure><div class=\"wp-block-media-text__content\">\n<p><strong>B &#8211; Chapelle de l&rsquo;Agonie<\/strong><\/p>\n\n\n\n<p>Chemin du bas d&rsquo;Artres &#8211; 59269 Sepmeries<\/p>\n\n\n\n<p>Sepmeries aurait \u00e9t\u00e9 touch\u00e9e par une \u00e9pid\u00e9mie de chol\u00e9ra morbus en 1849. Cette \u00e9pid\u00e9mie fut extr\u00eamement contagieuse, dura deux longs mois et engendra plusieurs d\u00e9c\u00e8s par jours.<br>Cette forme de chol\u00e9ra provoquait une agonie violente et tr\u00e8s br\u00e8ve si bien qu&rsquo;il \u00e9tait presque inutile de conduire les malades \u00e0 la \u00ab\u00a0maladrerie\u00a0\u00bb, lieu o\u00f9 l&rsquo;on prodiguait les soins, lieu pr\u00e9cis o\u00f9 se trouve la chapelle.<br>La chapelle de l&rsquo;Agonie serait donc plus ancienne que cet \u00e9pisode macabre.<br><br><\/p>\n<\/div><\/div>\n\n\n\n<div class=\"wp-block-media-text alignwide is-stacked-on-mobile\" style=\"grid-template-columns:20% auto\"><figure class=\"wp-block-media-text__media\"><img decoding=\"async\" loading=\"lazy\" width=\"420\" height=\"560\" src=\"https:\/\/www.sepmeries.fr\/wp-content\/uploads\/2023\/09\/m-chapelle-notre-dame-de-la-paix-visorando-225553_18351631.jpg\" alt=\"\" class=\"wp-image-3566 size-full\" srcset=\"https:\/\/www.sepmeries.fr\/wp-content\/uploads\/2023\/09\/m-chapelle-notre-dame-de-la-paix-visorando-225553_18351631.jpg 420w, https:\/\/www.sepmeries.fr\/wp-content\/uploads\/2023\/09\/m-chapelle-notre-dame-de-la-paix-visorando-225553_18351631-225x300.jpg 225w\" sizes=\"(max-width: 420px) 100vw, 420px\" \/><\/figure><div class=\"wp-block-media-text__content\">\n<p><strong>C &#8211; Chapelle Notre Dame de la paix<\/strong><\/p>\n\n\n\n<p>Rue des Corv\u00e9es &#8211; 59269 Sepmeries<\/p>\n\n\n\n<p>La chapelle Notre Dame de la paix est priv\u00e9e. Elle fut construite \u00e0 la demande de Madame Lemay Brocard d&rsquo;o\u00f9 les initiales L.B. Cette derni\u00e8re voulait remercier le Christ d&rsquo;avoir r\u00e9cup\u00e9r\u00e9 ses deux gar\u00e7ons indemnes de la Grande Guerre. La chapelle fut r\u00e9nov\u00e9e en 1955. A l&rsquo;int\u00e9rieur, on y trouve les statues de Sainte Rita, patronne des causes d\u00e9sesp\u00e9r\u00e9es et de Notre-Dame du Sacr\u00e9-Coeur.<\/p>\n<\/div><\/div>\n\n\n\n<div class=\"wp-block-media-text alignwide is-stacked-on-mobile is-vertically-aligned-center\" style=\"grid-template-columns:20% auto\"><figure class=\"wp-block-media-text__media\"><img decoding=\"async\" loading=\"lazy\" width=\"141\" height=\"163\" src=\"https:\/\/www.sepmeries.fr\/wp-content\/uploads\/2023\/09\/a5.png\" alt=\"\" class=\"wp-image-3569 size-full\"\/><\/figure><div class=\"wp-block-media-text__content\">\n<p><strong>D &#8211; Chapelle Saint Antoine<\/strong><\/p>\n\n\n\n<p>Cimeti\u00e8re &#8211; 59269 Sepmeries<\/p>\n\n\n\n<p><br>Situ\u00e9e \u00e0 l&rsquo;int\u00e9rieur du cimeti\u00e8re, on peut lire sur une pierre du Frontispice : 1710. Cela pourrait signifier l&rsquo;\u00e9poque de la construction ou de sa restauration.<br>Saint Antoine est le second patron de l&rsquo;\u00e9glise de Sepmeries, les premiers \u00e9tant Saints C\u00f4me et Damien. Saint Antoine est consid\u00e9r\u00e9 comme le fondateur de l&rsquo;\u00e9r\u00e9mitisme chr\u00e9tien. N\u00e9 en \u00c9gypte \u00e0 C\u00f4me, issu d&rsquo;une famille de riches agriculteurs, fervents chr\u00e9tiens, Saint Antoine se retrouva \u00e0 18 ans orphelin avec une s\u0153ur cadette \u00e0 \u00e9lever. Il prit l&rsquo;\u00e9vangile \u00e0 la lettre lors de ses 21 ans, telle une r\u00e9v\u00e9lation. Il donna tous ses<br>biens aux pauvres afin de commencer une vie d&rsquo;anachor\u00e8te (ermite), c&rsquo;est-\u00e0-dire retir\u00e9 du monde et adoptant un mode de vie solitaire pour des raisons religieuses.<br>Saint Antoine l&rsquo;ermite est souvent repr\u00e9sent\u00e9 comme un vieillard barbu, v\u00eatu d&rsquo;une robe de bure \u00e0 capuchon et avec quelques attributs : une croix potenc\u00e9e (b\u00e2ton en forme de T), une clochette, un cochon, du feu sous les pieds. Ces attributs servent \u00e0 le diff\u00e9rencier de Saint Antoine de Padoue.<br>Invoqu\u00e9 contre le \u00ab\u00a0mal des ardents\u00a0\u00bb, il a la r\u00e9putation de gu\u00e9risseur. Il est \u00e9galement le protecteur des animaux domestiques, notamment des  porcs et des mulets.<\/p>\n<\/div><\/div>\n\n\n\n<div class=\"wp-block-media-text alignwide is-stacked-on-mobile\" style=\"grid-template-columns:20% auto\"><figure class=\"wp-block-media-text__media\"><img decoding=\"async\" loading=\"lazy\" width=\"420\" height=\"560\" src=\"https:\/\/www.sepmeries.fr\/wp-content\/uploads\/2023\/09\/m-chapelle-saint-jean-visorando-225547.jpg\" alt=\"\" class=\"wp-image-3570 size-full\" srcset=\"https:\/\/www.sepmeries.fr\/wp-content\/uploads\/2023\/09\/m-chapelle-saint-jean-visorando-225547.jpg 420w, https:\/\/www.sepmeries.fr\/wp-content\/uploads\/2023\/09\/m-chapelle-saint-jean-visorando-225547-225x300.jpg 225w\" sizes=\"(max-width: 420px) 100vw, 420px\" \/><\/figure><div class=\"wp-block-media-text__content\">\n<p><strong>E &#8211; Chapelle Saint-Jean<\/strong><\/p>\n\n\n\n<p>Rue Cambr\u00e9sienne &#8211; 59269 Sepmeries<\/p>\n\n\n\n<p>La chapelle Saint-Jean est priv\u00e9e, elle a \u00e9t\u00e9 \u00e9rig\u00e9e en 1860 par Charles Wallerand et P\u00e9lagie Dupire d&rsquo;o\u00f9 les initiales WD en remerciement de la naissance de leur fils. En effet ce couple avait trois filles et d\u00e9sirait?plus que tout un gar\u00e7on. Elle fut restaur\u00e9e en 1922. On constate que la Vierge Marie avec l&rsquo;enfant J\u00e9sus est entour\u00e9e de Saint-Jean \u00e0 sa droite et Saint-Charles \u00e0 sa gauche.<\/p>\n<\/div><\/div>\n\n\n\n<div class=\"wp-block-media-text alignwide is-stacked-on-mobile is-vertically-aligned-center\" style=\"grid-template-columns:21% auto\"><figure class=\"wp-block-media-text__media\"><img decoding=\"async\" loading=\"lazy\" width=\"766\" height=\"1024\" src=\"https:\/\/www.sepmeries.fr\/wp-content\/uploads\/2023\/09\/IMG_20230311_172029-766x1024.jpg\" alt=\"\" class=\"wp-image-3571 size-full\" srcset=\"https:\/\/www.sepmeries.fr\/wp-content\/uploads\/2023\/09\/IMG_20230311_172029-766x1024.jpg 766w, https:\/\/www.sepmeries.fr\/wp-content\/uploads\/2023\/09\/IMG_20230311_172029-224x300.jpg 224w, https:\/\/www.sepmeries.fr\/wp-content\/uploads\/2023\/09\/IMG_20230311_172029-768x1027.jpg 768w, https:\/\/www.sepmeries.fr\/wp-content\/uploads\/2023\/09\/IMG_20230311_172029-1149x1536.jpg 1149w, https:\/\/www.sepmeries.fr\/wp-content\/uploads\/2023\/09\/IMG_20230311_172029.jpg 1532w\" sizes=\"(max-width: 766px) 100vw, 766px\" \/><\/figure><div class=\"wp-block-media-text__content\">\n<p><strong>F &#8211; \u00c9glise Saint-C\u00f4me et Saint-Damien<\/strong><\/p>\n\n\n\n<p>L\u2019\u00e9glise Saint-C\u00f4me et Saint-Damien de Sepmeries, situ\u00e9 \u00e0 proximit\u00e9 de Valenciennes et \u00e0 l\u2019entr\u00e9e du parc naturel r\u00e9gional de l\u2019Avesnois, est repr\u00e9sentative du patrimoine religieux local construit de la fin du XIXe si\u00e8cle.<br>L\u2019\u00e9glise Saint-C\u00f4me et Saint-Damien de Sepmeries, situ\u00e9 \u00e0 proximit\u00e9 Valenciennes et \u00e0 l\u2019entr\u00e9e du parc naturel r\u00e9gional de l\u2019Avesnois, est repr\u00e9sentative du patrimoine religieux local construit de la fin du XIXe si\u00e8cle.<br>La p\u00e9riode de construction de l\u2019\u00e9glise Saint-C\u00f4me et Saint-Damien entre 1873 et 1878 correspond \u00e0 un pic d\u00e9mographique au sein de la commune et r\u00e9pondait \u00e0 un besoin r\u00e9el de la population pour laquelle l\u2019 ancienne \u00e9glise \u00e9tait trop v\u00e9tuste. Ce contexte explique notamment la taille de l&rsquo;\u00e9glise actuelle.<br>Cette \u00e9glise tient sa valeur patrimoniale de son anciennet\u00e9 et de la richesse du mobilier qu\u2019elle referme.<br>Cette \u00e9glise n\u2019a pas connu depuis sa construction de phases importantes de travaux, si ce n\u2019est au lendemain des deux guerres mondiales au d\u00e9but du XX\u00e8me si\u00e8cle.<br>Les travaux concernent, dans un premier temps, la r\u00e9novation du clocher et la fa\u00e7ade occidentale et dans un 2\u00e8me temps le traitement de la m\u00e9rule, la r\u00e9fection des toitures du ch\u0153ur et des nefs.<br><\/p>\n<\/div><\/div>\n\n\n\n<div class=\"wp-block-media-text alignwide is-stacked-on-mobile\" style=\"grid-template-columns:22% auto\"><figure class=\"wp-block-media-text__media\"><img decoding=\"async\" loading=\"lazy\" width=\"938\" height=\"704\" src=\"https:\/\/www.sepmeries.fr\/wp-content\/uploads\/2023\/09\/sepmeries_lavoir_fontaine.jpg\" alt=\"\" class=\"wp-image-3572 size-full\" srcset=\"https:\/\/www.sepmeries.fr\/wp-content\/uploads\/2023\/09\/sepmeries_lavoir_fontaine.jpg 938w, https:\/\/www.sepmeries.fr\/wp-content\/uploads\/2023\/09\/sepmeries_lavoir_fontaine-300x225.jpg 300w, https:\/\/www.sepmeries.fr\/wp-content\/uploads\/2023\/09\/sepmeries_lavoir_fontaine-768x576.jpg 768w\" sizes=\"(max-width: 938px) 100vw, 938px\" \/><\/figure><div class=\"wp-block-media-text__content\">\n<p><strong>G &#8211; Lavoir<\/strong><\/p>\n\n\n\n<p>Rue Cambr\u00e9sienne &#8211; 59269 Sepmeries<\/p>\n\n\n\n<p>Ce lavoir d\u00e9couvert en brique et pierre bleue est assez peu visible.<br>L\u2019origine des lavoirs remonte \u00e0 l\u2019Antiquit\u00e9, les gallo-romains \u00e9tant d\u00e9j\u00e0 soucieux de leur hygi\u00e8ne et sont d\u00e9velopp\u00e9s sous l\u2019impulsion de Napol\u00e9on III au XIX\u00e8me si\u00e8cle pour lutter contre les \u00e9pid\u00e9mies. Ils \u00e9taient souvent associ\u00e9s \u00e0 une fontaine. Le nettoyage des textiles incombait aux femmes, le lavoir jouait donc un r\u00f4le social important. Cet ancien lavoir pr\u00e9sente de larges pierres bleues. Il est aliment\u00e9 par une<br>source qui se trouve quelques m\u00e8tres plus haut.<br>Bon \u00e0 savoir : en 1870, lors de la construction de la voie ferr\u00e9e Valenciennes-<br>Aulnoye-Aymeries, les vestiges d\u2019un aqueduc romain ont \u00e9t\u00e9 d\u00e9couverts \u00e0 Sepmeries !<br><\/p>\n<\/div><\/div>\n\n\n\n<div class=\"wp-block-media-text alignwide is-stacked-on-mobile\" style=\"grid-template-columns:22% auto\"><figure class=\"wp-block-media-text__media\"><img decoding=\"async\" loading=\"lazy\" width=\"800\" height=\"383\" src=\"https:\/\/www.sepmeries.fr\/wp-content\/uploads\/2023\/09\/57095cc9-2275-47a4-8b25-d1b0e52db23d.jpg\" alt=\"\" class=\"wp-image-3573 size-full\" srcset=\"https:\/\/www.sepmeries.fr\/wp-content\/uploads\/2023\/09\/57095cc9-2275-47a4-8b25-d1b0e52db23d.jpg 800w, https:\/\/www.sepmeries.fr\/wp-content\/uploads\/2023\/09\/57095cc9-2275-47a4-8b25-d1b0e52db23d-300x144.jpg 300w, https:\/\/www.sepmeries.fr\/wp-content\/uploads\/2023\/09\/57095cc9-2275-47a4-8b25-d1b0e52db23d-768x368.jpg 768w\" sizes=\"(max-width: 800px) 100vw, 800px\" \/><\/figure><div class=\"wp-block-media-text__content\">\n<p><strong>H &#8211; Motte castrale<\/strong><\/p>\n\n\n\n<p>Rue Cambr\u00e9sienne 59269 Sepmeries<\/p>\n\n\n\n<p>En 2004,les fouilles pr\u00e9ventives effectu\u00e9es avant les constructions de la r\u00e9sidence (Domaine des riots) permettent d&rsquo;y faire une d\u00e9couverte extraordinaire : une motte castrale. Les fouilles de cette lev\u00e9e de terre entour\u00e9e de foss\u00e9s ont d\u00e9gag\u00e9 un pan de mur, des traces d&rsquo;enceinte, un foyer, des mosa\u00efques.<br>Ronde remblay\u00e9e par une couche de terres limoneuses maintenant engazonn\u00e9es, ces vestiges sont les plus anciens t\u00e9moins de la pr\u00e9sence d&rsquo;un habitat seigneurial du Haut Moyen-Age (d\u00e9but du X\u00e8 si\u00e8cle). C&rsquo;est aussi la seule motte castrale de la r\u00e9gion !<br>Rue Cambr\u00e9sienne 59269 Sepmeries<\/p>\n<\/div><\/div>\n\n\n\n<div class=\"wp-block-media-text alignwide is-stacked-on-mobile\" style=\"grid-template-columns:21% auto\"><figure class=\"wp-block-media-text__media\"><img decoding=\"async\" loading=\"lazy\" width=\"450\" height=\"603\" src=\"https:\/\/www.sepmeries.fr\/wp-content\/uploads\/2023\/09\/sepmeries_moulin.jpg\" alt=\"\" class=\"wp-image-3575 size-full\" srcset=\"https:\/\/www.sepmeries.fr\/wp-content\/uploads\/2023\/09\/sepmeries_moulin.jpg 450w, https:\/\/www.sepmeries.fr\/wp-content\/uploads\/2023\/09\/sepmeries_moulin-224x300.jpg 224w\" sizes=\"(max-width: 450px) 100vw, 450px\" \/><\/figure><div class=\"wp-block-media-text__content\">\n<p><strong>I &#8211; Vestiges de l&rsquo;ancien moulin \u00e0 farine<\/strong><br>Rue de Valenciennes (Parcelle 1131) 59269 Sepmeries<\/p>\n<\/div><\/div>\n","protected":false},"excerpt":{"rendered":"<p>A &#8211; Calvaire Rue de Ruesnes (Parcelle 142) &#8211; 59269 Sepmeries Le calvaire de Sepmeries est un calvaire ouvert sur tertre. Il se trouve dans une parcelle trap\u00e9zo\u00efdale sur carrefour [&hellip;]<\/p>\n","protected":false},"author":1,"featured_media":0,"parent":0,"menu_order":0,"comment_status":"closed","ping_status":"closed","template":"","meta":[],"_links":{"self":[{"href":"https:\/\/www.sepmeries.fr\/index.php\/wp-json\/wp\/v2\/pages\/52"}],"collection":[{"href":"https:\/\/www.sepmeries.fr\/index.php\/wp-json\/wp\/v2\/pages"}],"about":[{"href":"https:\/\/www.sepmeries.fr\/index.php\/wp-json\/wp\/v2\/types\/page"}],"author":[{"embeddable":true,"href":"https:\/\/www.sepmeries.fr\/index.php\/wp-json\/wp\/v2\/users\/1"}],"replies":[{"embeddable":true,"href":"https:\/\/www.sepmeries.fr\/index.php\/wp-json\/wp\/v2\/comments?post=52"}],"version-history":[{"count":16,"href":"https:\/\/www.sepmeries.fr\/index.php\/wp-json\/wp\/v2\/pages\/52\/revisions"}],"predecessor-version":[{"id":5635,"href":"https:\/\/www.sepmeries.fr\/index.php\/wp-json\/wp\/v2\/pages\/52\/revisions\/5635"}],"wp:attachment":[{"href":"https:\/\/www.sepmeries.fr\/index.php\/wp-json\/wp\/v2\/media?parent=52"}],"curies":[{"name":"wp","href":"https:\/\/api.w.org\/{rel}","templated":true}]}}