{"id":211,"date":"2020-08-24T22:25:50","date_gmt":"2020-08-24T20:25:50","guid":{"rendered":"https:\/\/wdp.sepmeries.fr\/?page_id=211"},"modified":"2025-10-13T16:57:33","modified_gmt":"2025-10-13T14:57:33","slug":"aide-aux-seniors","status":"publish","type":"page","link":"https:\/\/www.sepmeries.fr\/index.php\/aide-aux-seniors\/","title":{"rendered":"Aide aux S\u00e9niors"},"content":{"rendered":"\n<h4>Le CLIC du Plateau de Mormal<\/h4>\n\n\n\n<p>Personnes de 60 ans et plus et des personnes vivants d&rsquo;un handicap<\/p>\n<p>Le CLIC vous propose ses services pour :<\/p>\n<ul>\n<li>D\u00e9marches administratives,<\/li>\n<li>Dossier APA,<\/li>\n<li>Compl\u00e9mentaire sant\u00e9 solidaire,<\/li>\n<li>D\u00e9marches MDPH,<\/li>\n<li>Etc.<\/li>\n<\/ul>\n\n\n\n<div class=\"wp-block-file\"><a id=\"wp-block-file--media-71023dd2-0ad3-42a6-a902-d0e8c6103963\" href=\"https:\/\/www.sepmeries.fr\/wp-content\/uploads\/2022\/07\/Centre-Local-dInformation-et-de-Coordination-Gerontologique.pdf\" target=\"_blank\" rel=\"noreferrer noopener\">Centre-Local-d&rsquo;Information-et-de-Coordination-G\u00e9rontologique<\/a><a href=\"https:\/\/www.sepmeries.fr\/wp-content\/uploads\/2022\/07\/Centre-Local-dInformation-et-de-Coordination-Gerontologique.pdf\" class=\"wp-block-file__button wp-element-button\" download aria-describedby=\"wp-block-file--media-71023dd2-0ad3-42a6-a902-d0e8c6103963\">T\u00e9l\u00e9charger<\/a><\/div>\n\n\n\n<hr class=\"wp-block-separator has-css-opacity\"\/>\n\n\n\n<figure class=\"wp-block-image size-full is-resized\"><img decoding=\"async\" loading=\"lazy\" src=\"https:\/\/www.sepmeries.fr\/wp-content\/uploads\/2021\/10\/logo-nord.png\" alt=\"\" class=\"wp-image-1957\" width=\"221\" height=\"88\" srcset=\"https:\/\/www.sepmeries.fr\/wp-content\/uploads\/2021\/10\/logo-nord.png 355w, https:\/\/www.sepmeries.fr\/wp-content\/uploads\/2021\/10\/logo-nord-300x120.png 300w\" sizes=\"(max-width: 221px) 100vw, 221px\" \/><\/figure>\n\n\n\n<h4>Le D\u00e9partement du Nord soutient les aidants<\/h4>\n\n\n\n<p style=\"text-align: justify;\">Plus de 600 000 Nordistes aident quotidiennement un proche \u00e2g\u00e9 ou en situation de handicap. Beaucoup ignorent pourtant \u00eatre \u00abaidants\u00bb, et avoir \u00e0 la fois besoin et le droit d\u2019\u00eatre soutenus.<\/p>\n<p style=\"text-align: justify;\">Depuis plusieurs ann\u00e9es, le D\u00e9partement du Nord a fait de ce sujet une priorit\u00e9.<\/p>\n<p style=\"text-align: justify;\">Des solutions de r\u00e9pit, \u00e0 domicile comme \u00e0 l\u2019ext\u00e9rieur, ou encore un soutien financier sont d\u2019ores et d\u00e9j\u00e0 propos\u00e9s par le D\u00e9partement.<\/p>\n<p style=\"text-align: justify;\">Toutes ces solutions sont \u00e0 votre disposition sur <a href=\"http:\/\/www.emailing-online.fr\/go\/n3a\/329935\" target=\"_blank\" rel=\"noopener\" data-cke-saved-href=\"http:\/\/www.emailing-online.fr\/go\/n3a\/329935\">aidant.lenord.fr<\/a> : vous y retrouverez notamment les informations sur le r\u00f4le d\u2019aidant, les possibilit\u00e9s qui s\u2019offrent aux Nordistes concern\u00e9s ainsi qu\u2019un tutoriel et un test d\u2019auto-\u00e9valuation pour se situer.<\/p>\n\n\n\n<hr class=\"wp-block-separator has-css-opacity\"\/>\n\n\n\n<figure class=\"wp-block-image size-full is-resized\"><img decoding=\"async\" loading=\"lazy\" src=\"https:\/\/www.sepmeries.fr\/wp-content\/uploads\/2021\/10\/logo-nord.png\" alt=\"\" class=\"wp-image-1957\" width=\"223\" height=\"89\" srcset=\"https:\/\/www.sepmeries.fr\/wp-content\/uploads\/2021\/10\/logo-nord.png 355w, https:\/\/www.sepmeries.fr\/wp-content\/uploads\/2021\/10\/logo-nord-300x120.png 300w\" sizes=\"(max-width: 223px) 100vw, 223px\" \/><\/figure>\n\n\n\n<h4>D\u00e9partement du Nord \u2013 Dossier unique de demande d\u2019aides \u00e0 l\u2019autonomie<\/h4>\n\n\n\n<p style=\"text-align: justify;\">Un formulaire unique de demande d\u2019aide \u00e0 l\u2019autonomie, en faveur des personnes \u00e2g\u00e9es \u00e0 domicile sur l\u2019ensemble du D\u00e9partement du Nord.<br><br>Ce dossier unique, commun au D\u00e9partement du Nord et aux caisses de retraites, CARSAT (Caisse d\u2019Assurance Retraite et Sant\u00e9 Au Travail) et MSA (Mutualit\u00e9 Sociale Agricole), vient remplacer le dossier actuel d\u2019APA (Allocation Personnalis\u00e9e Autonomie) et le dossier BVCS (Bien Vieillir Chez Soi).<br><br>Le formulaire de demande d\u2019aide permet, gr\u00e2ce \u00e0 quelques questions clefs, d\u2019orienter le dossier de demande directement vers l\u2019organisme comp\u00e9tent. Ce formulaire sera accompagn\u00e9 d\u2019une notice explicative et du certificat m\u00e9dical relatif \u00e0 la demande d\u2019APA \u00e0 domicile, avec ou sans demande de CMI (Carte Mobilit\u00e9 Inclusion).<br><br>Ce nouveau dossier est disponible pour le public en t\u00e9l\u00e9chargement sur <a href=\"http:\/\/www.emailing-online.fr\/go\/n34\/329935\" target=\"_blank\" rel=\"noopener\">lenord.fr<\/a> et sur le <a href=\"http:\/\/www.emailing-online.fr\/go\/n35\/329935\" target=\"_blank\" rel=\"noopener\">portail Nord autonomie<\/a>.<\/p>\n\n\n\n<hr class=\"wp-block-separator has-css-opacity\"\/>\n\n\n\n<figure class=\"wp-block-image size-full\"><img decoding=\"async\" loading=\"lazy\" width=\"300\" height=\"250\" src=\"https:\/\/www.sepmeries.fr\/wp-content\/uploads\/2021\/10\/Rester-Autonome-1.jpg\" alt=\"\" class=\"wp-image-1959\"\/><\/figure>\n\n\n\n<h4>RESTEZ AUTONOME<\/h4>\n\n\n\n<p>Alors que 85% des Fran\u00e7ais souhaitent vieillir \u00e0 leur domicile, nous vous information sur les droits et les aides pour faire face \u00e0 une situation de perte d\u2019autonomie.<\/p>\n<p>Toutes les informations sont disponibles sur le portail <a href=\"http:\/\/www.pour-les-personnes-agees.gouv.fr\" target=\"_blank\" rel=\"noreferrer noopener\">www.pour-les-personnes-ag\u00e9es.gouv.fr<\/a> , site proposant&nbsp;:<\/p>\n<ul>\n<li>une information officielle, compl\u00e8te et accessible pour conduire ses d\u00e9marches&nbsp;: articles et vid\u00e9os<small>&nbsp;<\/small>;<\/li>\n<li>des annuaires et des comparateurs pour guider les personnes dans leurs choix<small>&nbsp;<\/small>;<\/li>\n<li>les formulaires et services de demande d\u2019aide en ligne.<\/li>\n<\/ul>\n<p>&nbsp;<\/p>\n\n\n\n<hr class=\"wp-block-separator has-css-opacity\"\/>\n\n\n\n<figure class=\"wp-block-image size-full is-resized\"><img decoding=\"async\" loading=\"lazy\" src=\"https:\/\/www.sepmeries.fr\/wp-content\/uploads\/2021\/10\/CCPM-cada.jpg\" alt=\"\" class=\"wp-image-1960\" width=\"266\" height=\"129\" srcset=\"https:\/\/www.sepmeries.fr\/wp-content\/uploads\/2021\/10\/CCPM-cada.jpg 524w, https:\/\/www.sepmeries.fr\/wp-content\/uploads\/2021\/10\/CCPM-cada-300x145.jpg 300w\" sizes=\"(max-width: 266px) 100vw, 266px\" \/><\/figure>\n\n\n\n<h4>ATELIERS A DESTINATION DES SENIORS<\/h4>\n\n\n\n<p style=\"text-align: justify;\">Le programme des <strong>ateliers \u00e0 destination des seniors<\/strong> de <span style=\"text-decoration: underline;\"><strong>2025<\/strong><\/span>\u00a0est disponible: activit\u00e9 physique adapt\u00e9e, m\u00e9moire, marche, sophrologie&#8230;<\/p>\n<p style=\"text-align: justify;\">Vous retrouverez le d\u00e9tail des ateliers en pi\u00e8ce jointe.<\/p>\n<p style=\"text-align: justify;\"><u>Renseignements et inscriptions :<\/u><\/p>\n<p style=\"text-align: justify;\">Service Action Sociale<\/p>\n<p style=\"text-align: justify;\">T\u00e9l : 03.27.09.04.64<\/p>\n<p style=\"text-align: justify;\"><a href=\"mailto:n.fronty@cc-paysdemormal.fr\">n.fronty@cc-paysdemormal.fr<\/a><\/p>\n\n\n\n<div class=\"wp-block-file\"><a id=\"wp-block-file--media-49191720-db0c-402b-8ec5-1e196133e274\" href=\"https:\/\/www.sepmeries.fr\/wp-content\/uploads\/2022\/02\/PROGRAMME-ATELIERS-CADA-2022-1.pdf\" target=\"_blank\" rel=\"noreferrer noopener\">PROGRAMME-ATELIERS-CADA-2022-1<\/a><a href=\"https:\/\/www.sepmeries.fr\/wp-content\/uploads\/2022\/02\/PROGRAMME-ATELIERS-CADA-2022-1.pdf\" class=\"wp-block-file__button wp-element-button\" download aria-describedby=\"wp-block-file--media-49191720-db0c-402b-8ec5-1e196133e274\">T\u00e9l\u00e9charger<\/a><\/div>\n\n\n\n<hr class=\"wp-block-separator has-css-opacity\"\/>\n\n\n\n<figure class=\"wp-block-image size-full is-resized\"><img decoding=\"async\" loading=\"lazy\" src=\"https:\/\/www.sepmeries.fr\/wp-content\/uploads\/2021\/10\/CCPM-cada.jpg\" alt=\"\" class=\"wp-image-1960\" width=\"266\" height=\"129\" srcset=\"https:\/\/www.sepmeries.fr\/wp-content\/uploads\/2021\/10\/CCPM-cada.jpg 524w, https:\/\/www.sepmeries.fr\/wp-content\/uploads\/2021\/10\/CCPM-cada-300x145.jpg 300w\" sizes=\"(max-width: 266px) 100vw, 266px\" \/><\/figure>\n\n\n\n<figure class=\"wp-block-table\">\n<table style=\"width: 100%; height: 199px;\">\n<tbody>\n<tr style=\"height: 162px;\">\n<td style=\"height: 162px;\"><br>Dans le cadre de la d\u00e9marche Communaut\u00e9 amie des a\u00een\u00e9s, la Communaut\u00e9 de communes a cr\u00e9\u00e9 une plateforme de mobilit\u00e9 \u00e0 destination des seniors:&nbsp;<a href=\"https:\/\/4srdl.r.a.d.sendibm1.com\/mk\/cl\/f\/-UE7TVnZXRfLh1afcALBO02FWKDSCjkiy1PthGO9i5Gnh7Hj6LhZDdZ5X__va6qmnARcJ6nHDl5iUIVdZ3kXfLkckg_TFWwVmyvpYoMMaY-1ALrWV-s5pUCBFAQoLYtM3yyqcCGyXYbhZcDgpganxvuqmU4_OkPtKcSyi19J139I\" target=\"_blank\" rel=\"noreferrer noopener\"><strong>www.d\u00e9placezvous.fr<\/strong><\/a><br>Cette plateforme permet de r\u00e9server simplement un transport \u00e0 la demande, directement en ligne ou par t\u00e9l\u00e9phone au <strong>03-27-09-04-60<\/strong>. En fonction du besoin indiqu\u00e9 par l&rsquo;usager, diff\u00e9rentes solutions de transport lui sont propos\u00e9es : transport solidaire,service d&rsquo;aide \u00e0 la personne,taxi ou ambulance. <br>Un flyer a \u00e9t\u00e9 cr\u00e9\u00e9 pour ce service , que vous retrouverez ci-dessous.<\/td>\n<\/tr>\n<tr style=\"height: 37px;\">\n<td style=\"height: 37px;\">&nbsp;<\/td>\n<\/tr>\n<\/tbody>\n<\/table>\n<\/figure>\n\n\n\n<div class=\"wp-block-file\"><a id=\"wp-block-file--media-24f5f4dc-8aa5-4581-8649-bd5cb9f02537\" href=\"https:\/\/wdp.sepmeries.fr\/wp-content\/uploads\/2020\/11\/Deplacez-vous-en-Pays-de-Mormal.pdf\" target=\"_blank\" rel=\"noreferrer noopener\">D\u00e9placez-vous-en-Pays-de-Mormal<\/a><a href=\"https:\/\/wdp.sepmeries.fr\/wp-content\/uploads\/2020\/11\/Deplacez-vous-en-Pays-de-Mormal.pdf\" class=\"wp-block-file__button wp-element-button\" download aria-describedby=\"wp-block-file--media-24f5f4dc-8aa5-4581-8649-bd5cb9f02537\">T\u00e9l\u00e9charger<\/a><\/div>\n\n\n\n<hr class=\"wp-block-separator has-css-opacity\"\/>\n\n\n\n<figure class=\"wp-block-image size-full is-resized\"><img decoding=\"async\" loading=\"lazy\" src=\"https:\/\/www.sepmeries.fr\/wp-content\/uploads\/2021\/10\/CCPM-cada.jpg\" alt=\"\" class=\"wp-image-1960\" width=\"266\" height=\"129\" srcset=\"https:\/\/www.sepmeries.fr\/wp-content\/uploads\/2021\/10\/CCPM-cada.jpg 524w, https:\/\/www.sepmeries.fr\/wp-content\/uploads\/2021\/10\/CCPM-cada-300x145.jpg 300w\" sizes=\"(max-width: 266px) 100vw, 266px\" \/><\/figure>\n\n\n\n<h4>ACTIVIT\u00c9 PHYSIQUE ADAPT\u00c9E \u00c0 DOMICILE<\/h4>\n\n\n\n<div class=\"wp-block-file\"><a id=\"wp-block-file--media-51d00265-8bfa-4a0f-a9c8-2f2e56ad8f40\" href=\"https:\/\/www.sepmeries.fr\/wp-content\/uploads\/2021\/02\/COUPON-ATELIERS-APA-DOMICILE-1.pdf\" target=\"_blank\" rel=\"noreferrer noopener\">COUPON-ATELIERS-APA-DOMICILE-1<\/a><a href=\"https:\/\/www.sepmeries.fr\/wp-content\/uploads\/2021\/02\/COUPON-ATELIERS-APA-DOMICILE-1.pdf\" class=\"wp-block-file__button wp-element-button\" download aria-describedby=\"wp-block-file--media-51d00265-8bfa-4a0f-a9c8-2f2e56ad8f40\">T\u00e9l\u00e9charger<\/a><\/div>\n\n\n\n<hr class=\"wp-block-separator has-css-opacity\"\/>\n\n\n\n<figure class=\"wp-block-image size-large\"><img decoding=\"async\" loading=\"lazy\" width=\"146\" height=\"173\" src=\"https:\/\/www.sepmeries.fr\/wp-content\/uploads\/2021\/02\/Association-La-Rhonelle-1.png\" alt=\"\" class=\"wp-image-1182\"\/><\/figure>\n\n\n\n<h4>Service Gratuit &#8211; Livraison \u00e0 domicile<\/h4>\n\n\n\n<p>Courses \u00e0 domicile pour les seniors (\u00e0 partir de 55 ans) et les personnes en situation de handicap (tous les \u00e2ges).<\/p>\n\n\n\n<div class=\"wp-block-file\"><a id=\"wp-block-file--media-5e8b22d9-feac-408b-8490-59d3053ebf94\" href=\"https:\/\/www.sepmeries.fr\/wp-content\/uploads\/2021\/02\/Livraison-de-vos-courses-a-domicile-1.pdf\" target=\"_blank\" rel=\"noreferrer noopener\">Livraison-de-vos-courses-\u00e0-domicile<\/a><a href=\"https:\/\/www.sepmeries.fr\/wp-content\/uploads\/2021\/02\/Livraison-de-vos-courses-a-domicile-1.pdf\" class=\"wp-block-file__button wp-element-button\" download aria-describedby=\"wp-block-file--media-5e8b22d9-feac-408b-8490-59d3053ebf94\">T\u00e9l\u00e9charger<\/a><\/div>\n\n\n\n<hr class=\"wp-block-separator has-css-opacity\"\/>\n\n\n\n<figure class=\"wp-block-image size-large is-style-default\"><img decoding=\"async\" loading=\"lazy\" width=\"276\" height=\"272\" src=\"https:\/\/wdp.sepmeries.fr\/wp-content\/uploads\/2020\/12\/logox2.png\" alt=\"\" class=\"wp-image-802\"\/><\/figure>\n\n\n\n<p style=\"text-align: justify;\">L\u2019\u00e9tablissement accueille 80 r\u00e9sidents au c\u0153ur de Villereau, dans un cadre bucolique et verdoyant. Une \u00e9quipe de 45 personnes d\u00e9di\u00e9e \u00e0 la prise en charge dont 9 aides-soignantes et 2 infirmi\u00e8res par jour notamment et la pr\u00e9sence des ma\u00eetresses de maison \u00e0 l\u2019accueil 7 jours sur 7. L\u2019\u00e9tablissement date de 2009 et a \u00e9t\u00e9 repris par les Jardins d\u2019Iroise depuis 2013. C\u2019est l\u00e0 que tout a commenc\u00e9 et que les projets d\u2019\u00e9quipe aupr\u00e8s de nos personnes \u00e2g\u00e9es se sont d\u00e9velopp\u00e9s. Villereau, une commune dynamique, \u00e0 c\u00f4t\u00e9 de la for\u00eat de Mormal, l\u2019\u00e9tablissement est situ\u00e9 \u00e0 proximit\u00e9 de l\u2019\u00e9cole et de la cr\u00e8che de l\u2019\u00e9cole de la commune. Cadre paisible d\u00e9di\u00e9 au bien-\u00eatre et au confort des r\u00e9sidents. Notre r\u00e9sidence est facilement accessible dans le triangle Valenciennes, Maubeuge et Avesnes Sur Helpe.<\/p>\n<p><a href=\"https:\/\/www.lesjardinsiroise.fr\/etablissements\/villereau\/\" target=\"_blank\" rel=\"noopener noreferrer\">https:\/\/www.lesjardinsiroise.fr\/etablissements\/villereau\/<\/a><\/p>\n\n\n\n<figure class=\"wp-block-image size-large\"><img decoding=\"async\" loading=\"lazy\" width=\"111\" height=\"111\" src=\"https:\/\/wdp.sepmeries.fr\/wp-content\/uploads\/2020\/12\/iroise_final.png\" alt=\"\" class=\"wp-image-800\"\/><\/figure>\n\n\n\n<h4>Iroise Repas<\/h4>\n\n\n\n<div class=\"wp-block-file\"><a id=\"wp-block-file--media-f9658841-8143-4aa5-87b0-ac7bdff068fd\" href=\"https:\/\/wdp.sepmeries.fr\/wp-content\/uploads\/2020\/12\/Plaquette-Iroise-repas.pdf\" target=\"_blank\" rel=\"noreferrer noopener\">Plaquette-Iroise-repas<\/a><a href=\"https:\/\/wdp.sepmeries.fr\/wp-content\/uploads\/2020\/12\/Plaquette-Iroise-repas.pdf\" class=\"wp-block-file__button wp-element-button\" download aria-describedby=\"wp-block-file--media-f9658841-8143-4aa5-87b0-ac7bdff068fd\">T\u00e9l\u00e9charger<\/a><\/div>\n\n\n\n<p>Portage de repas \u00e0 domicile :&nbsp;<a href=\"https:\/\/www.iroise-repas.fr\/etablissements\/villereau-herbignies\/\" target=\"_blank\" rel=\"noopener noreferrer\">https:\/\/www.iroise-repas.fr\/etablissements\/villereau-herbignies\/<\/a><\/p>\n\n\n<div class=\"wp-block-image\">\n<figure class=\"alignleft size-large is-resized\"><img decoding=\"async\" loading=\"lazy\" src=\"https:\/\/wdp.sepmeries.fr\/wp-content\/uploads\/2020\/12\/logo-iroise-1024x407.png\" alt=\"\" class=\"wp-image-798\" width=\"305\" height=\"120\" srcset=\"https:\/\/www.sepmeries.fr\/wp-content\/uploads\/2020\/12\/logo-iroise-1024x407.png 1024w, https:\/\/www.sepmeries.fr\/wp-content\/uploads\/2020\/12\/logo-iroise-300x119.png 300w, https:\/\/www.sepmeries.fr\/wp-content\/uploads\/2020\/12\/logo-iroise-768x305.png 768w, https:\/\/www.sepmeries.fr\/wp-content\/uploads\/2020\/12\/logo-iroise.png 1154w\" sizes=\"(max-width: 305px) 100vw, 305px\" \/><\/figure><\/div>\n\n\n<h4>Iroise Services<\/h4>\n\n\n\n<div class=\"text-content\">\n<div class=\"page\" title=\"Page 15\">\n<div class=\"section\">\n<div class=\"layoutArea\">\n<div class=\"column\">\n<p style=\"text-align: justify;\">Les Jardins d\u2019Iroise vous proposent d\u2019autres services \u00e0 domicile pour vous accompagner et vous soulager lors de vos t\u00e2ches quotidiennes. Les \u00e9quipes \u00ab d\u2019Iroise Services \u00bb qui vous aident \u00e0 domicile sont non seulement des professionnels mais sont aussi toujours les m\u00eames.<\/p>\n<p style=\"text-align: justify;\">Gr\u00e2ce \u00e0 Iroise Services vous pouvez rester \u00e0 domicile : de l\u2019adaptation de votre habitat \u00e0 la livraison de vos m\u00e9dicaments, Iroise Services s\u2019occupent de tout.<\/p>\n<p><a href=\"https:\/\/www.iroise-repas.fr\/autres-services\/\" target=\"_blank\" rel=\"noopener noreferrer\">https:\/\/www.iroise-repas.fr\/autres-services\/<\/a><\/p>\n<\/div>\n<\/div>\n<\/div>\n<\/div>\n<\/div>\n\n\n\n<div class=\"wp-block-file\"><a id=\"wp-block-file--media-1711c770-79bc-4026-9b43-b009c2f85ffb\" href=\"https:\/\/wdp.sepmeries.fr\/wp-content\/uploads\/2020\/12\/Plaquette-Iroise-Services.pdf\" target=\"_blank\" rel=\"noreferrer noopener\">Plaquette-Iroise-Services<\/a><a href=\"https:\/\/wdp.sepmeries.fr\/wp-content\/uploads\/2020\/12\/Plaquette-Iroise-Services.pdf\" class=\"wp-block-file__button wp-element-button\" download aria-describedby=\"wp-block-file--media-1711c770-79bc-4026-9b43-b009c2f85ffb\">T\u00e9l\u00e9charger<\/a><\/div>\n\n\n\n<p><\/p>\n","protected":false},"excerpt":{"rendered":"<p>Le CLIC du Plateau de Mormal Personnes de 60 ans et plus et des personnes vivants d&rsquo;un handicap Le CLIC vous propose ses services pour : D\u00e9marches administratives, Dossier APA, [&hellip;]<\/p>\n","protected":false},"author":2,"featured_media":0,"parent":0,"menu_order":0,"comment_status":"closed","ping_status":"closed","template":"","meta":[],"_links":{"self":[{"href":"https:\/\/www.sepmeries.fr\/index.php\/wp-json\/wp\/v2\/pages\/211"}],"collection":[{"href":"https:\/\/www.sepmeries.fr\/index.php\/wp-json\/wp\/v2\/pages"}],"about":[{"href":"https:\/\/www.sepmeries.fr\/index.php\/wp-json\/wp\/v2\/types\/page"}],"author":[{"embeddable":true,"href":"https:\/\/www.sepmeries.fr\/index.php\/wp-json\/wp\/v2\/users\/2"}],"replies":[{"embeddable":true,"href":"https:\/\/www.sepmeries.fr\/index.php\/wp-json\/wp\/v2\/comments?post=211"}],"version-history":[{"count":49,"href":"https:\/\/www.sepmeries.fr\/index.php\/wp-json\/wp\/v2\/pages\/211\/revisions"}],"predecessor-version":[{"id":5263,"href":"https:\/\/www.sepmeries.fr\/index.php\/wp-json\/wp\/v2\/pages\/211\/revisions\/5263"}],"wp:attachment":[{"href":"https:\/\/www.sepmeries.fr\/index.php\/wp-json\/wp\/v2\/media?parent=211"}],"curies":[{"name":"wp","href":"https:\/\/api.w.org\/{rel}","templated":true}]}}